{"id":547,"date":"2023-10-24T18:07:03","date_gmt":"2023-10-24T18:07:03","guid":{"rendered":"https:\/\/www.kavalkade.de\/blog\/?post_type=nachhaltigkeit&#038;p=547"},"modified":"2026-02-25T10:33:36","modified_gmt":"2026-02-25T10:33:36","slug":"nachhaltigkeit","status":"publish","type":"nachhaltigkeit","link":"https:\/\/kavalkade.de\/blog\/nachhaltigkeit\/nachhaltigkeit\/","title":{"rendered":"Echte Nachhaltigkeit \u00adgeht uns alle etwas an &#8230;"},"content":{"rendered":"\n<div class=\"wp-block-group is-layout-constrained wp-block-group-is-layout-constrained\"><div class=\"wp-block-group__inner-container\">\n<h2 class=\"wp-block-heading\">Nachhaltigkeit ist in aller Munde.<\/h2>\n\n\n\n<div class=\"wp-block-columns is-layout-flex wp-container-core-columns-is-layout-28f84493 wp-block-columns-is-layout-flex\">\n<div class=\"wp-block-column is-layout-flow wp-block-column-is-layout-flow\" style=\"flex-basis:66.66%\">\n<p>Aber wei\u00dft du eigentlich, was damit gemeint ist? Genau das wollen wir dir hier schnell und einfach erkl\u00e4ren \u2026 und dir zeigen, was wir bei Kavalkade tun, um auch im Reitsport nachhaltig zu sein.<\/p>\n<\/div>\n\n\n\n<div class=\"wp-block-column is-layout-flow wp-block-column-is-layout-flow\" style=\"flex-basis:33.33%\">\n<p><a href=\"#Nachhaltigkeit\">Was bedeutet Nachhaltigkeit?<br><\/a><a href=\"#Dreieck\">Wof\u00fcr steht das Nachhaltigkeitsdreieck?<br><\/a><a href=\"#SDG\">SDGs \u2013 was hei\u00dft das?<\/a><br><a href=\"#Europe\">Der European Green Deal<\/a><br><a href=\"#Deutschland\">Der Lieferkettennachweis in Deutschland<br><\/a><a href=\"#Kavalkade\">Was macht Kavalkade in puncto Nachhaltigkeit?<\/a><\/p>\n<\/div>\n<\/div>\n<\/div><\/div>\n\n\n\n<div id=\"Nachhaltigkeit\" class=\"wp-block-group is-style-horse has-dark-green-background-color has-background is-layout-constrained wp-block-group-is-layout-constrained\"><div class=\"wp-block-group__inner-container\">\n<div class=\"wp-block-columns is-layout-flex wp-container-core-columns-is-layout-28f84493 wp-block-columns-is-layout-flex\">\n<div class=\"wp-block-column is-layout-flow wp-block-column-is-layout-flow\" style=\"flex-basis:30%\">\n<figure class=\"wp-block-image size-large is-style-center icon\"><img decoding=\"async\" src=\"https:\/\/www.kavalkade.de\/blog\/app\/uploads\/2023\/12\/future.svg\" alt=\"\" class=\"wp-image-628\"><\/figure>\n\n\n\n<p class=\"has-text-align-center has-med-font-size\">We love the future.<\/p>\n<\/div>\n\n\n\n<div class=\"wp-block-column is-vertically-aligned-center is-layout-flow wp-block-column-is-layout-flow\" style=\"flex-basis:70%\">\n<h3 class=\"wp-block-heading\">Nachhaltigkeit? <\/h3>\n\n\n\n<p>Das bedeutet, heute etwas f\u00fcr die Welt von morgen zu tun!<\/p>\n\n\n\n<p>Wie es Robert Baden-Powell so sch\u00f6n sagte (Gr\u00fcnder der weltweiten Pfadfinderbewegung): \u201eVersucht, diese Welt ein wenig besser zu verlassen, als ihr sie vorgefunden habt.\u201c<\/p>\n<\/div>\n<\/div>\n<\/div><\/div>\n\n\n\n<div id=\"Dreieck\" class=\"wp-block-group is-layout-constrained wp-block-group-is-layout-constrained\"><div class=\"wp-block-group__inner-container\">\n<div class=\"wp-block-columns is-layout-flex wp-container-core-columns-is-layout-28f84493 wp-block-columns-is-layout-flex\">\n<div class=\"wp-block-column is-layout-flow wp-block-column-is-layout-flow\" style=\"flex-basis:20%\"><\/div>\n\n\n\n<div class=\"wp-block-column is-layout-flow wp-block-column-is-layout-flow\" style=\"flex-basis:60%\">\n<h3 class=\"wp-block-heading has-text-align-center\">Hast du schon mal etwas vom Dreieck<br>der Nachhaltigkeit geh\u00f6rt?<\/h3>\n\n\n\n<figure class=\"wp-block-image size-large is-resized is-style-center\"><img loading=\"lazy\" decoding=\"async\" width=\"1024\" height=\"944\" src=\"https:\/\/www.kavalkade.de\/blog\/app\/uploads\/2024\/01\/2024-01-KAV-dreieck-1024x944.png\" alt=\"\" class=\"wp-image-749\" style=\"width:512px;height:472px\" srcset=\"https:\/\/kavalkade.de\/blog\/app\/uploads\/2024\/01\/2024-01-KAV-dreieck-1024x944.png 1024w, https:\/\/kavalkade.de\/blog\/app\/uploads\/2024\/01\/2024-01-KAV-dreieck-300x276.png 300w, https:\/\/kavalkade.de\/blog\/app\/uploads\/2024\/01\/2024-01-KAV-dreieck-768x708.png 768w, https:\/\/kavalkade.de\/blog\/app\/uploads\/2024\/01\/2024-01-KAV-dreieck-1536x1415.png 1536w, https:\/\/kavalkade.de\/blog\/app\/uploads\/2024\/01\/2024-01-KAV-dreieck-543x500.png 543w, https:\/\/kavalkade.de\/blog\/app\/uploads\/2024\/01\/2024-01-KAV-dreieck.png 1693w\" sizes=\"auto, (max-width: 1024px) 100vw, 1024px\" \/><\/figure>\n\n\n\n<p class=\"has-text-align-center\">Dieses Dreieck zeigt dir die drei ebenb\u00fcrtigen Dimensionen der Nachhaltigkeit. Dieses Dreieck wird umrahmt von den 17 Nachhaltigkeitszielen (<strong>S<\/strong>ustainable <strong>D<\/strong>evelopment <strong>G<\/strong>oals = <strong>SDG<\/strong>s) der Agenda 2023, die die Weltgemeinschaft 2015 innerhalb der UNO entwickelt hat. Noch nachhaltiger wird\u2019s \u00fcbrigens hier \u2013 da erkl\u00e4ren wir dir alles ein bisschen detaillierter. <\/p>\n\n\n\n<div class=\"wp-block-buttons is-content-justification-center is-layout-flex wp-container-core-buttons-is-layout-a89b3969 wp-block-buttons-is-layout-flex\">\n<div class=\"wp-block-button\"><a class=\"wp-block-button__link has-yellow-background-color has-background wp-element-button\" href=\"https:\/\/www.kavalkade.de\/blog\/nachhaltigkeit\/nachhaltigkeit-was-ist-das-eigentlich\/\">Mehr erfahren<\/a><\/div>\n<\/div>\n<\/div>\n\n\n\n<div class=\"wp-block-column is-layout-flow wp-block-column-is-layout-flow\" style=\"flex-basis:20%\"><\/div>\n<\/div>\n<\/div><\/div>\n\n\n\n<div id=\"SDG\" class=\"wp-block-group has-dark-green-background-color has-background is-layout-constrained wp-block-group-is-layout-constrained\"><div class=\"wp-block-group__inner-container\">\n<h2 class=\"wp-block-heading has-text-align-center\">Nachhaltigkeit? Von Global bis Lokal!<\/h2>\n\n\n\n<div class=\"wp-block-columns is-layout-flex wp-container-core-columns-is-layout-28f84493 wp-block-columns-is-layout-flex\">\n<div class=\"wp-block-column is-layout-flow wp-block-column-is-layout-flow\">\n<figure class=\"wp-block-image size-full is-style-center\"><img loading=\"lazy\" decoding=\"async\" width=\"560\" height=\"560\" src=\"https:\/\/www.kavalkade.de\/blog\/app\/uploads\/2023\/12\/earth_small.png\" alt=\"\" class=\"wp-image-675\" srcset=\"https:\/\/kavalkade.de\/blog\/app\/uploads\/2023\/12\/earth_small.png 560w, https:\/\/kavalkade.de\/blog\/app\/uploads\/2023\/12\/earth_small-300x300.png 300w, https:\/\/kavalkade.de\/blog\/app\/uploads\/2023\/12\/earth_small-150x150.png 150w, https:\/\/kavalkade.de\/blog\/app\/uploads\/2023\/12\/earth_small-500x500.png 500w\" sizes=\"auto, (max-width: 560px) 100vw, 560px\" \/><\/figure>\n<\/div>\n\n\n\n<div class=\"wp-block-column is-vertically-aligned-center is-layout-flow wp-block-column-is-layout-flow\">\n<p class=\"has-med-font-size\"><\/p>\n\n\n\n<div class=\"wp-block-columns is-layout-flex wp-container-core-columns-is-layout-28f84493 wp-block-columns-is-layout-flex\">\n<div class=\"wp-block-column is-style-default is-layout-flow wp-block-column-is-layout-flow\">\n<p class=\"has-med-font-size\">GLOBAL<\/p>\n\n\n\n<h4 class=\"wp-block-heading\"><strong>Sustainable Development Goals<\/strong><\/h4>\n\n\n\n<p>Die SDGs sind ein gemeinsames Konzept f\u00fcr Frieden und Wohlstand f\u00fcr den Planeten und die Menschen \u2013 jetzt und in Zukunft.<\/p>\n\n\n\n<div class=\"wp-block-buttons is-layout-flex wp-block-buttons-is-layout-flex\">\n<div class=\"wp-block-button is-style-fill\"><a class=\"wp-block-button__link has-yellow-background-color has-background wp-element-button\" href=\"https:\/\/www.kavalkade.de\/blog\/nachhaltigkeit\/nachhaltigkeit-von-global-bis-lokal\/\">Mehr erfahren<\/a><\/div>\n<\/div>\n<\/div>\n<\/div>\n<\/div>\n<\/div>\n\n\n\n<figure class=\"wp-block-image size-large is-style-center\"><img loading=\"lazy\" decoding=\"async\" width=\"73\" height=\"40\" src=\"https:\/\/www.kavalkade.de\/blog\/app\/uploads\/2023\/12\/arrow.svg\" alt=\"\" class=\"wp-image-629\"><\/figure>\n\n\n\n<div class=\"wp-block-columns is-style-reverse-on-mobile is-layout-flex wp-container-core-columns-is-layout-28f84493 wp-block-columns-is-layout-flex\" id=\"Europe\">\n<div class=\"wp-block-column is-style-top-bottom is-layout-flow wp-block-column-is-layout-flow\">\n<p class=\"has-med-font-size\">EUROPA<\/p>\n\n\n\n<div class=\"wp-block-columns is-layout-flex wp-container-core-columns-is-layout-28f84493 wp-block-columns-is-layout-flex\">\n<div class=\"wp-block-column is-style-default is-layout-flow wp-block-column-is-layout-flow\">\n<h4 class=\"wp-block-heading\">Der Green Deal und die Agenda 2030<\/h4>\n\n\n\n<p>Das gro\u00dfe Ziel? Europa als erster klimaneutraler Kontinent! Und deshalb dreht sich hier alles um Emissionsreduzierung und Kreislaufwirtschaft.<br>\u00dcbrigens: In puncto Kreislaufwirtschaft k\u00f6nnen wir bei Kavalkade viel bewirken! Aber dazu sp\u00e4ter mehr \u2026<\/p>\n\n\n\n<div class=\"wp-block-buttons is-layout-flex wp-block-buttons-is-layout-flex\">\n<div class=\"wp-block-button is-style-fill\"><a class=\"wp-block-button__link has-yellow-background-color has-background wp-element-button\" href=\"https:\/\/www.kavalkade.de\/blog\/nachhaltigkeit\/nachhaltigkeit-von-global-bis-lokal\/\">Mehr erfahren<\/a><\/div>\n<\/div>\n<\/div>\n<\/div>\n<\/div>\n\n\n\n<div class=\"wp-block-column is-layout-flow wp-block-column-is-layout-flow\">\n<figure class=\"wp-block-image size-large\"><img loading=\"lazy\" decoding=\"async\" width=\"594\" height=\"445\" src=\"https:\/\/kavalkade.de\/blog\/app\/uploads\/2023\/10\/europa.svg\" alt=\"\" class=\"wp-image-562\"><\/figure>\n<\/div>\n<\/div>\n\n\n\n<figure class=\"wp-block-image size-large is-style-center\"><img loading=\"lazy\" decoding=\"async\" width=\"73\" height=\"40\" src=\"https:\/\/www.kavalkade.de\/blog\/app\/uploads\/2023\/12\/arrow-1.svg\" alt=\"\" class=\"wp-image-630\"><\/figure>\n\n\n\n<div class=\"wp-block-columns is-layout-flex wp-container-core-columns-is-layout-28f84493 wp-block-columns-is-layout-flex\" id=\"Deutschland\">\n<div class=\"wp-block-column is-layout-flow wp-block-column-is-layout-flow\">\n<figure class=\"wp-block-image size-large\"><img loading=\"lazy\" decoding=\"async\" width=\"566\" height=\"356\" src=\"https:\/\/www.kavalkade.de\/blog\/app\/uploads\/2023\/10\/de.svg\" alt=\"\" class=\"wp-image-563\"><\/figure>\n<\/div>\n\n\n\n<div class=\"wp-block-column is-style-top-bottom is-layout-flow wp-block-column-is-layout-flow\">\n<p class=\"has-med-font-size\">DEUTSCHLAND<\/p>\n\n\n\n<div class=\"wp-block-columns is-layout-flex wp-container-core-columns-is-layout-28f84493 wp-block-columns-is-layout-flex\">\n<div class=\"wp-block-column is-style-default is-layout-flow wp-block-column-is-layout-flow\">\n<h4 class=\"wp-block-heading\">Die Deutsche Nachhaltigkeitsstrategie<\/h4>\n\n\n\n<p>Die Deutsche Nachhaltigkeitsstrategie orientiert sich an der Agenda 2030 und verkn\u00fcpft die Transformationsbereiche mit den SDGs \u2013 Hauptfokus: Kreislaufwirtschaft und Lieferkettennachweis.<\/p>\n\n\n\n<div class=\"wp-block-buttons is-layout-flex wp-block-buttons-is-layout-flex\">\n<div class=\"wp-block-button is-style-fill\"><a class=\"wp-block-button__link has-yellow-background-color has-background wp-element-button\" href=\"https:\/\/www.kavalkade.de\/blog\/nachhaltigkeit\/nachhaltigkeit-von-global-bis-lokal\/\">Mehr erfahren<\/a><\/div>\n<\/div>\n<\/div>\n<\/div>\n<\/div>\n<\/div>\n<\/div><\/div>\n\n\n\n<div class=\"wp-block-group is-layout-constrained wp-block-group-is-layout-constrained\"><div class=\"wp-block-group__inner-container\">\n<h3 class=\"wp-block-heading has-text-align-center\">Lust auf eine kleine nachhaltige \u201eWeltreise\u201c?<\/h3>\n\n\n\n<p class=\"has-text-align-center\">Dann kommt mit und wir erkl\u00e4ren euch ein bisschen genauer,<br>welche Ziele die Welt, Europa und Deutschland verfolgen und wie der Weg dorthin aussieht.<\/p>\n\n\n\n<div class=\"wp-block-buttons is-content-justification-center is-layout-flex wp-container-core-buttons-is-layout-a89b3969 wp-block-buttons-is-layout-flex\">\n<div class=\"wp-block-button\"><a class=\"wp-block-button__link wp-element-button\" href=\"https:\/\/www.kavalkade.de\/blog\/nachhaltigkeit\/nachhaltigkeit-was-ist-das-eigentlich\/\">Mehr erfahren<\/a><\/div>\n<\/div>\n<\/div><\/div>\n\n\n\n<div id=\"Kavalkade\" class=\"wp-block-group has-yellow-background-color has-background is-layout-constrained wp-block-group-is-layout-constrained\"><div class=\"wp-block-group__inner-container\">\n<h2 class=\"wp-block-heading has-text-align-center\">Was wir bei Kavalkade in puncto Nachhaltigkeit tun<\/h2>\n\n\n\n<div class=\"wp-block-columns is-style-default is-layout-flex wp-container-core-columns-is-layout-28f84493 wp-block-columns-is-layout-flex\">\n<div class=\"wp-block-column is-layout-flow wp-block-column-is-layout-flow\">\n<div class=\"wp-block-columns is-style-list is-layout-flex wp-container-core-columns-is-layout-28f84493 wp-block-columns-is-layout-flex\">\n<div class=\"wp-block-column is-layout-flow wp-block-column-is-layout-flow\">\n<figure class=\"wp-block-image size-large is-resized is-style-icon\"><img loading=\"lazy\" decoding=\"async\" width=\"46\" height=\"46\" src=\"https:\/\/www.kavalkade.de\/blog\/app\/uploads\/2023\/11\/electric.svg\" alt=\"\" class=\"wp-image-592\"><\/figure>\n\n\n\n<p>Eigene Solaranlage<\/p>\n<\/div>\n<\/div>\n\n\n\n<div class=\"wp-block-columns is-style-list is-layout-flex wp-container-core-columns-is-layout-28f84493 wp-block-columns-is-layout-flex\">\n<div class=\"wp-block-column is-layout-flow wp-block-column-is-layout-flow\">\n<figure class=\"wp-block-image size-large is-resized is-style-icon\"><img loading=\"lazy\" decoding=\"async\" width=\"46\" height=\"46\" src=\"https:\/\/www.kavalkade.de\/blog\/app\/uploads\/2023\/10\/kartons.svg\" alt=\"\" class=\"wp-image-557\"><\/figure>\n\n\n\n<p>80 % plastikfreie Verpackung<\/p>\n<\/div>\n<\/div>\n<\/div>\n\n\n\n<div class=\"wp-block-column is-layout-flow wp-block-column-is-layout-flow\">\n<div class=\"wp-block-columns is-style-list is-layout-flex wp-container-core-columns-is-layout-28f84493 wp-block-columns-is-layout-flex\">\n<div class=\"wp-block-column is-layout-flow wp-block-column-is-layout-flow\">\n<figure class=\"wp-block-image size-large is-resized is-style-icon\"><img loading=\"lazy\" decoding=\"async\" width=\"46\" height=\"46\" src=\"https:\/\/www.kavalkade.de\/blog\/app\/uploads\/2023\/10\/reklamationen.svg\" alt=\"\" class=\"wp-image-558\"><\/figure>\n\n\n\n<p>Aufbereitung von Reklamationen<\/p>\n<\/div>\n<\/div>\n\n\n\n<div class=\"wp-block-columns is-style-list is-layout-flex wp-container-core-columns-is-layout-28f84493 wp-block-columns-is-layout-flex\">\n<div class=\"wp-block-column is-layout-flow wp-block-column-is-layout-flow\">\n<figure class=\"wp-block-image size-large is-resized is-style-icon\"><img loading=\"lazy\" decoding=\"async\" width=\"46\" height=\"46\" src=\"https:\/\/www.kavalkade.de\/blog\/app\/uploads\/2023\/10\/etiketten.svg\" alt=\"\" class=\"wp-image-556\"><\/figure>\n\n\n\n<p>Unterst\u00fctzung sozialer Projekte<\/p>\n<\/div>\n<\/div>\n<\/div>\n\n\n\n<div class=\"wp-block-column is-layout-flow wp-block-column-is-layout-flow\">\n<div class=\"wp-block-columns is-style-list is-layout-flex wp-container-core-columns-is-layout-28f84493 wp-block-columns-is-layout-flex\">\n<div class=\"wp-block-column is-layout-flow wp-block-column-is-layout-flow\">\n<figure class=\"wp-block-image size-large is-resized is-style-icon\"><img loading=\"lazy\" decoding=\"async\" width=\"46\" height=\"46\" src=\"https:\/\/www.kavalkade.de\/blog\/app\/uploads\/2023\/11\/delivery.svg\" alt=\"\" class=\"wp-image-590\"><\/figure>\n\n\n\n<p>Code of Conduct f\u00fcr Lieferanten<\/p>\n<\/div>\n<\/div>\n\n\n\n<div class=\"wp-block-columns is-style-list is-layout-flex wp-container-core-columns-is-layout-28f84493 wp-block-columns-is-layout-flex\">\n<div class=\"wp-block-column is-layout-flow wp-block-column-is-layout-flow\">\n<figure class=\"wp-block-image size-large is-resized is-style-icon\"><img loading=\"lazy\" decoding=\"async\" width=\"46\" height=\"46\" src=\"https:\/\/www.kavalkade.de\/blog\/app\/uploads\/2023\/10\/kartons.svg\" alt=\"\" class=\"wp-image-557\"><\/figure>\n\n\n\n<p>Kollektion &#8222;Cortica&#8220; aus Kork<\/p>\n<\/div>\n<\/div>\n<\/div>\n<\/div>\n\n\n\n<div class=\"wp-block-buttons is-content-justification-center is-layout-flex wp-container-core-buttons-is-layout-a89b3969 wp-block-buttons-is-layout-flex\">\n<div class=\"wp-block-button\"><a class=\"wp-block-button__link has-yellow-color has-dark-green-background-color has-text-color has-background wp-element-button\" href=\"https:\/\/www.kavalkade.de\/blog\/nachhaltigkeit\/was-wir-bei-kavalkade-in-puncto-nachhaltigkeit-tun\/\">Alle von uns getroffenen Ma\u00dfnahmen<\/a><\/div>\n<\/div>\n<\/div><\/div>\n","protected":false},"featured_media":614,"menu_order":0,"template":"","class_list":["post-547","nachhaltigkeit","type-nachhaltigkeit","status-publish","has-post-thumbnail","hentry"],"acf":[],"_links":{"self":[{"href":"https:\/\/kavalkade.de\/blog\/wp-json\/wp\/v2\/nachhaltigkeit\/547","targetHints":{"allow":["GET"]}}],"collection":[{"href":"https:\/\/kavalkade.de\/blog\/wp-json\/wp\/v2\/nachhaltigkeit"}],"about":[{"href":"https:\/\/kavalkade.de\/blog\/wp-json\/wp\/v2\/types\/nachhaltigkeit"}],"wp:featuredmedia":[{"embeddable":true,"href":"https:\/\/kavalkade.de\/blog\/wp-json\/wp\/v2\/media\/614"}],"wp:attachment":[{"href":"https:\/\/kavalkade.de\/blog\/wp-json\/wp\/v2\/media?parent=547"}],"curies":[{"name":"wp","href":"https:\/\/api.w.org\/{rel}","templated":true}]}}